{"id":68,"date":"2019-07-20T12:39:47","date_gmt":"2019-07-20T12:39:47","guid":{"rendered":"http:\/\/youthcentresup.fitt.ro\/?page_id=68"},"modified":"2021-11-03T16:56:31","modified_gmt":"2021-11-03T16:56:31","slug":"despre","status":"publish","type":"page","link":"https:\/\/youthcentresup.fitt.ro\/","title":{"rendered":"Despre"},"content":{"rendered":"<p>[et_pb_section fb_built=&#8221;1&#8243; fullwidth=&#8221;on&#8221; next_background_color=&#8221;#232220&#8243; admin_label=&#8221;Header Section&#8221; _builder_version=&#8221;4.5.1&#8243; background_color=&#8221;#000000&#8243; background_image=&#8221;http:\/\/youthcentresup.fitt.ro\/wp-content\/uploads\/2020\/10\/WhatsApp-Image-2020-10-30-at-12.14.29-PM.jpeg&#8221; bottom_divider_style=&#8221;ramp&#8221; bottom_divider_flip=&#8221;horizontal&#8221;][et_pb_fullwidth_header title=&#8221;Vrei s\u0103 fii un Schimb\u0103-lume?&#8221; button_one_text=&#8221;Aplic\u0103 aici &#8230;&#8221; button_one_url=&#8221;@ET-DC@eyJkeW5hbWljIjp0cnVlLCJjb250ZW50IjoicG9zdF9saW5rX3VybF9wYWdlIiwic2V0dGluZ3MiOnsicG9zdF9pZCI6IjEzMTIifX0=@&#8221; content_max_width=&#8221;640px&#8221; _builder_version=&#8221;4.5.1&#8243; _dynamic_attributes=&#8221;button_one_url&#8221; title_font=&#8221;Poppins|700||on|||||&#8221; title_text_align=&#8221;left&#8221; title_text_color=&#8221;#ffffff&#8221; title_font_size=&#8221;35px&#8221; title_letter_spacing=&#8221;3px&#8221; title_line_height=&#8221;1.5em&#8221; content_font=&#8221;Lora||||||||&#8221; content_font_size=&#8221;22px&#8221; content_line_height=&#8221;2em&#8221; subhead_font=&#8221;Lora|700|||||||&#8221; subhead_font_size=&#8221;80px&#8221; subhead_line_height=&#8221;1.5em&#8221; background_color=&#8221;rgba(0,0,0,0.57)&#8221; background_enable_image=&#8221;off&#8221; parallax=&#8221;on&#8221; parallax_method=&#8221;on&#8221; custom_button_one=&#8221;on&#8221; button_one_text_size=&#8221;16px&#8221; button_one_text_color=&#8221;#ffffff&#8221; button_one_bg_color=&#8221;#d29f68&#8243; button_one_border_width=&#8221;15px&#8221; button_one_border_color=&#8221;rgba(210,159,104,0)&#8221; button_one_border_radius=&#8221;100px&#8221; button_one_letter_spacing=&#8221;3px&#8221; button_one_font=&#8221;Oswald|||on|||||&#8221; button_one_use_icon=&#8221;off&#8221; custom_button_two=&#8221;on&#8221; button_two_text_size=&#8221;16px&#8221; button_two_text_color=&#8221;#ffffff&#8221; button_two_bg_color=&#8221;rgba(255,255,255,0.35)&#8221; button_two_border_width=&#8221;15px&#8221; button_two_border_color=&#8221;rgba(0,0,0,0)&#8221; button_two_border_radius=&#8221;100px&#8221; button_two_letter_spacing=&#8221;3px&#8221; button_two_font=&#8221;Oswald|||on|||||&#8221; button_two_use_icon=&#8221;off&#8221; custom_margin=&#8221;|||&#8221; custom_padding=&#8221;9vw||9vw||true|&#8221; animation_style=&#8221;fade&#8221; animation_duration=&#8221;2000ms&#8221; subhead_font_size_tablet=&#8221;80px&#8221; subhead_font_size_phone=&#8221;50px&#8221; subhead_font_size_last_edited=&#8221;on|desktop&#8221; title_text_shadow_style=&#8221;preset1&#8243; title_text_shadow_blur_strength=&#8221;0.38em&#8221; title_text_shadow_color=&#8221;#000000&#8243; button_one_border_radius_hover=&#8221;100px&#8221; button_one_bg_color_hover=&#8221;#cc8d66&#8243; button_two_bg_color_hover=&#8221;#d29f68&#8243; button_one_text_size__hover_enabled=&#8221;off&#8221; button_two_text_size__hover_enabled=&#8221;off&#8221; button_one_text_color__hover_enabled=&#8221;off&#8221; button_two_text_color__hover_enabled=&#8221;off&#8221; button_one_border_width__hover_enabled=&#8221;off&#8221; button_two_border_width__hover_enabled=&#8221;off&#8221; button_one_border_color__hover_enabled=&#8221;off&#8221; button_two_border_color__hover_enabled=&#8221;off&#8221; button_one_border_radius__hover_enabled=&#8221;on&#8221; button_one_border_radius__hover=&#8221;100px&#8221; button_two_border_radius__hover_enabled=&#8221;off&#8221; button_one_letter_spacing__hover_enabled=&#8221;off&#8221; button_two_letter_spacing__hover_enabled=&#8221;off&#8221; button_one_bg_color__hover_enabled=&#8221;on&#8221; button_one_bg_color__hover=&#8221;#cc8d66&#8243; button_two_bg_color__hover_enabled=&#8221;on&#8221; button_two_bg_color__hover=&#8221;#d29f68&#8243;][\/et_pb_fullwidth_header][\/et_pb_section][et_pb_section fb_built=&#8221;1&#8243; admin_label=&#8221;Services Section&#8221; _builder_version=&#8221;3.22&#8243; background_color=&#8221;#232220&#8243; custom_padding=&#8221;80px|0px|80px|0px|true|false&#8221;][et_pb_row column_structure=&#8221;1_5,1_5,1_5,1_5,1_5&#8243; _builder_version=&#8221;3.25&#8243;][et_pb_column type=&#8221;1_5&#8243; _builder_version=&#8221;3.25&#8243; custom_padding=&#8221;|||&#8221; custom_padding__hover=&#8221;|||&#8221;][et_pb_image src=&#8221;http:\/\/youthcentresup.fitt.ro\/wp-content\/uploads\/2020\/10\/2-02.png&#8221; title_text=&#8221;2-02&#8243; _builder_version=&#8221;4.5.1&#8243; _module_preset=&#8221;default&#8221; animation_style=&#8221;zoom&#8221;][\/et_pb_image][\/et_pb_column][et_pb_column type=&#8221;1_5&#8243; _builder_version=&#8221;3.25&#8243; custom_padding=&#8221;|||&#8221; custom_padding__hover=&#8221;|||&#8221;][et_pb_image src=&#8221;http:\/\/youthcentresup.fitt.ro\/wp-content\/uploads\/2020\/10\/3-03.png&#8221; title_text=&#8221;3-03&#8243; _builder_version=&#8221;4.5.1&#8243; _module_preset=&#8221;default&#8221; animation_style=&#8221;zoom&#8221;][\/et_pb_image][\/et_pb_column][et_pb_column type=&#8221;1_5&#8243; _builder_version=&#8221;3.25&#8243; custom_padding=&#8221;|||&#8221; custom_padding__hover=&#8221;|||&#8221;][et_pb_image src=&#8221;http:\/\/youthcentresup.fitt.ro\/wp-content\/uploads\/2020\/10\/4-04.png&#8221; title_text=&#8221;4-04&#8243; _builder_version=&#8221;4.5.1&#8243; _module_preset=&#8221;default&#8221; animation_style=&#8221;zoom&#8221;][\/et_pb_image][\/et_pb_column][et_pb_column type=&#8221;1_5&#8243; _builder_version=&#8221;3.25&#8243; custom_padding=&#8221;|||&#8221; custom_padding__hover=&#8221;|||&#8221;][et_pb_image src=&#8221;http:\/\/youthcentresup.fitt.ro\/wp-content\/uploads\/2020\/10\/5-05.png&#8221; title_text=&#8221;5-05&#8243; _builder_version=&#8221;4.5.1&#8243; _module_preset=&#8221;default&#8221; animation_style=&#8221;zoom&#8221;][\/et_pb_image][\/et_pb_column][et_pb_column type=&#8221;1_5&#8243; _builder_version=&#8221;3.25&#8243; custom_padding=&#8221;|||&#8221; custom_padding__hover=&#8221;|||&#8221;][et_pb_image src=&#8221;http:\/\/youthcentresup.fitt.ro\/wp-content\/uploads\/2020\/10\/1-01.png&#8221; title_text=&#8221;1-01&#8243; _builder_version=&#8221;4.5.1&#8243; _module_preset=&#8221;default&#8221; animation_style=&#8221;zoom&#8221;][\/et_pb_image][\/et_pb_column][\/et_pb_row][\/et_pb_section][et_pb_section fb_built=&#8221;1&#8243; admin_label=&#8221;Vision Section&#8221; _builder_version=&#8221;3.22&#8243; background_color=&#8221;#232220&#8243; use_background_color_gradient=&#8221;on&#8221; background_color_gradient_start=&#8221;#232220&#8243; background_color_gradient_end=&#8221;#ffffff&#8221; background_color_gradient_start_position=&#8221;50%&#8221; background_color_gradient_end_position=&#8221;50%&#8221; custom_padding=&#8221;11px|0px|80px|0px|false|false&#8221;][et_pb_row _builder_version=&#8221;4.5.1&#8243; background_color=&#8221;#2378BB&#8221; background_enable_image=&#8221;off&#8221; custom_padding=&#8221;2px|40px|2px|40px|true|false&#8221; filter_brightness=&#8221;99%&#8221; animation_style=&#8221;zoom&#8221; animation_intensity_zoom=&#8221;5%&#8221; border_radii=&#8221;on|8px|8px|8px|8px&#8221; box_shadow_style=&#8221;preset3&#8243; box_shadow_vertical=&#8221;110px&#8221; box_shadow_blur=&#8221;80px&#8221; box_shadow_spread=&#8221;-80px&#8221; box_shadow_color=&#8221;rgba(0,0,0,0.12)&#8221;][et_pb_column type=&#8221;4_4&#8243; _builder_version=&#8221;3.25&#8243; custom_padding=&#8221;|||&#8221; custom_padding__hover=&#8221;|||&#8221;][et_pb_text _builder_version=&#8221;4.5.1&#8243; text_font=&#8221;Lora||||||||&#8221; text_text_color=&#8221;#000000&#8243; text_font_size=&#8221;18px&#8221; text_line_height=&#8221;2em&#8221; link_font=&#8221;||||||||&#8221; ul_font=&#8221;||||||||&#8221; ol_font=&#8221;||||||||&#8221; quote_font=&#8221;||||||||&#8221; header_font=&#8221;||||||||&#8221; header_2_font=&#8221;Lora|700|||||||&#8221; header_2_font_size=&#8221;50px&#8221; header_2_line_height=&#8221;1.5em&#8221; header_5_font=&#8221;Oswald|||on|||||&#8221; header_5_text_color=&#8221;rgba(255,255,255,0.4)&#8221; header_5_font_size=&#8221;20px&#8221; header_5_letter_spacing=&#8221;3px&#8221; header_5_line_height=&#8221;1.7em&#8221; background_color=&#8221;rgba(0,0,0,0)&#8221; background_color_gradient_direction=&#8221;98deg&#8221; text_orientation=&#8221;center&#8221; background_layout=&#8221;dark&#8221; max_width=&#8221;750px&#8221; module_alignment=&#8221;center&#8221; custom_padding=&#8221;|||&#8221; text_line_height_last_edited=&#8221;off|desktop&#8221; header_2_font_size_tablet=&#8221;&#8221; header_2_font_size_phone=&#8221;36px&#8221; header_2_font_size_last_edited=&#8221;on|desktop&#8221; text_text_shadow_style=&#8221;preset1&#8243;]<\/p>\n<h2><span color=\"#ffffff\" style=\"color: #ffffff;\">De ce Youth Centres UP?<\/span><\/h2>\n<p><span style=\"font-weight: 400; color: #ffffff;\">Youth Centres UP a fost un proiect finan\u021bat de Corpul European de Solidaritate, proiect care \u0219i-a propus s\u0103 creeze noi spa\u021bii sigure, de exprimare \u0219i \u00eenv\u0103\u021bare pentru tineri. De asemenea, \u00een contextul \u00een care Timi\u0219oara va fi Capital\u0103 European\u0103 a Culturii, era nevoie de spa\u021bii unde tinerii s\u0103 se poat\u0103 exprima \u0219i dezvolta \u00een mod liber. Centrele de tineret de cartier sunt acum spa\u021bii ale tuturor tinerilor, indiferent de identitate, preferin\u021be, sex, religie sau alte caracteristici. Proiectul \u0219i-a propus, astfel, s\u0103 pun\u0103 bazele ca ele s\u0103 devin\u0103 spa\u021bii de comunicare \u00eentre tineri \u0219i comunitate, locul unde ei vin \u00eempreun\u0103 \u0219i (se) dezvolt\u0103.<\/span><\/p>\n<p><span style=\"font-weight: 400; color: #ffffff;\">Pe o perioad\u0103 de 40 de zile, tineri cet\u0103\u021beni ai 26 de \u021b\u0103ri diferite s-au implicat \u00een activit\u0103\u021bi de solidaritate, sub form\u0103 de voluntariat, al\u0103turi de comunitatea timi\u0219orean\u0103, pentru a amenaja \u00eempreun\u0103 \u0219i a transforma vechi centrale termice \u00een centre de tineret urbane.<\/span><\/p>\n<p>[\/et_pb_text][\/et_pb_column][\/et_pb_row][\/et_pb_section][et_pb_section fb_built=&#8221;1&#8243; next_background_color=&#8221;#232220&#8243; admin_label=&#8221;Listings&#8221; _builder_version=&#8221;4.5.1&#8243; custom_margin=&#8221;-25px|||||&#8221; custom_padding=&#8221;0px||0px||false|false&#8221; bottom_divider_style=&#8221;ramp&#8221; animation_style=&#8221;fade&#8221; animation_delay=&#8221;200ms&#8221;][\/et_pb_section][et_pb_section fb_built=&#8221;1&#8243; admin_label=&#8221;Services Section&#8221; _builder_version=&#8221;3.22&#8243; background_color=&#8221;#232220&#8243; custom_padding=&#8221;80px|0px|80px|0px|true|false&#8221;][et_pb_row _builder_version=&#8221;3.25&#8243;][et_pb_column type=&#8221;4_4&#8243; _builder_version=&#8221;3.25&#8243; custom_padding=&#8221;|||&#8221; custom_padding__hover=&#8221;|||&#8221;][et_pb_text _builder_version=&#8221;4.5.1&#8243; text_font=&#8221;||||||||&#8221; header_font=&#8221;||||||||&#8221; header_2_font=&#8221;Lora|700|||||||&#8221; header_2_font_size=&#8221;50px&#8221; header_2_line_height=&#8221;1.5em&#8221; header_5_font=&#8221;Oswald|||on|||||&#8221; header_5_text_color=&#8221;rgba(255,255,255,0.4)&#8221; header_5_font_size=&#8221;20px&#8221; header_5_letter_spacing=&#8221;3px&#8221; header_5_line_height=&#8221;1.7em&#8221; text_orientation=&#8221;center&#8221; background_layout=&#8221;dark&#8221; max_width=&#8221;600px&#8221; module_alignment=&#8221;center&#8221; animation_style=&#8221;fade&#8221; text_line_height_last_edited=&#8221;off|desktop&#8221; header_2_font_size_tablet=&#8221;&#8221; header_2_font_size_phone=&#8221;36px&#8221; header_2_font_size_last_edited=&#8221;on|desktop&#8221;]<\/p>\n<h2>Etapele proiectului<\/h2>\n<p>[\/et_pb_text][\/et_pb_column][\/et_pb_row][et_pb_row column_structure=&#8221;1_2,1_2&#8243; _builder_version=&#8221;3.25&#8243;][et_pb_column type=&#8221;1_2&#8243; _builder_version=&#8221;3.25&#8243; custom_padding=&#8221;|||&#8221; custom_padding__hover=&#8221;|||&#8221;][et_pb_blurb title=&#8221;Formarea Echipelor \u0219i cunoa\u0219terea comunit\u0103\u021bii&#8221; url=&#8221;http:\/\/youthcentresup.fitt.ro\/?page_id=414\/#formatea-echipelor&#8221; image=&#8221;http:\/\/youthcentresup.fitt.ro\/wp-content\/uploads\/2020\/10\/echipe-1-01.png&#8221; image_max_width=&#8221;64px&#8221; _builder_version=&#8221;4.5.1&#8243; header_font=&#8221;Oswald|||on|||||&#8221; header_text_align=&#8221;center&#8221; header_letter_spacing=&#8221;3px&#8221; header_line_height=&#8221;1.7em&#8221; body_font=&#8221;Lora||||||||&#8221; body_font_size=&#8221;18px&#8221; body_line_height=&#8221;2em&#8221; text_orientation=&#8221;center&#8221; background_layout=&#8221;dark&#8221; animation_style=&#8221;fold&#8221; animation=&#8221;off&#8221; link_option_url=&#8221;http:\/\/youthcentresup.fitt.ro\/?page_id=414\/#formatea-echipelor&#8221;][\/et_pb_blurb][\/et_pb_column][et_pb_column type=&#8221;1_2&#8243; _builder_version=&#8221;3.25&#8243; custom_padding=&#8221;|||&#8221; custom_padding__hover=&#8221;|||&#8221;][et_pb_blurb title=&#8221;Ateliere de dezvoltare a abilit\u0103\u021bilor practice&#8221; url=&#8221;http:\/\/youthcentresup.fitt.ro\/?page_id=414\/#ateliere-dezvoltare&#8221; image=&#8221;http:\/\/youthcentresup.fitt.ro\/wp-content\/uploads\/2020\/10\/training-01.png&#8221; image_max_width=&#8221;64px&#8221; _builder_version=&#8221;4.5.1&#8243; header_font=&#8221;Oswald|||on|||||&#8221; header_text_align=&#8221;center&#8221; header_letter_spacing=&#8221;3px&#8221; header_line_height=&#8221;1.7em&#8221; body_font=&#8221;Lora||||||||&#8221; body_font_size=&#8221;18px&#8221; body_line_height=&#8221;2em&#8221; text_orientation=&#8221;center&#8221; background_layout=&#8221;dark&#8221; animation_style=&#8221;fold&#8221; animation=&#8221;off&#8221; link_option_url=&#8221;http:\/\/youthcentresup.fitt.ro\/?page_id=414\/#ateliere-dezvoltare&#8221;][\/et_pb_blurb][\/et_pb_column][\/et_pb_row][et_pb_row column_structure=&#8221;1_2,1_2&#8243; _builder_version=&#8221;3.25&#8243;][et_pb_column type=&#8221;1_2&#8243; _builder_version=&#8221;3.25&#8243; custom_padding=&#8221;|||&#8221; custom_padding__hover=&#8221;|||&#8221;][et_pb_blurb title=&#8221;Amenajarea centrelor de tineret&#8221; url=&#8221;http:\/\/youthcentresup.fitt.ro\/?page_id=414\/#amenajare-centre&#8221; image=&#8221;http:\/\/youthcentresup.fitt.ro\/wp-content\/uploads\/2020\/10\/amenajare-01.png&#8221; image_max_width=&#8221;64px&#8221; _builder_version=&#8221;4.5.1&#8243; header_font=&#8221;Oswald|||on|||||&#8221; header_text_align=&#8221;center&#8221; header_letter_spacing=&#8221;3px&#8221; header_line_height=&#8221;1.7em&#8221; body_font=&#8221;Lora||||||||&#8221; body_font_size=&#8221;18px&#8221; body_line_height=&#8221;2em&#8221; text_orientation=&#8221;center&#8221; background_layout=&#8221;dark&#8221; animation_style=&#8221;fold&#8221; animation=&#8221;off&#8221; link_option_url=&#8221;http:\/\/youthcentresup.fitt.ro\/?page_id=414\/#amenajare-centre&#8221;][\/et_pb_blurb][\/et_pb_column][et_pb_column type=&#8221;1_2&#8243; _builder_version=&#8221;3.25&#8243; custom_padding=&#8221;|||&#8221; custom_padding__hover=&#8221;|||&#8221;][et_pb_blurb title=&#8221;Conferin\u021ba de valorizare a rezultatelor&#8221; url=&#8221;http:\/\/youthcentresup.fitt.ro\/?page_id=414\/#conferinta&#8221; image=&#8221;http:\/\/youthcentresup.fitt.ro\/wp-content\/uploads\/2020\/10\/conferinta-01.png&#8221; image_max_width=&#8221;64px&#8221; _builder_version=&#8221;4.5.1&#8243; header_font=&#8221;Oswald|||on|||||&#8221; header_text_align=&#8221;center&#8221; header_letter_spacing=&#8221;3px&#8221; header_line_height=&#8221;1.7em&#8221; body_font=&#8221;Lora||||||||&#8221; body_font_size=&#8221;18px&#8221; body_line_height=&#8221;2em&#8221; text_orientation=&#8221;center&#8221; background_layout=&#8221;dark&#8221; animation_style=&#8221;fold&#8221; animation=&#8221;off&#8221; link_option_url=&#8221;http:\/\/youthcentresup.fitt.ro\/?page_id=414\/#conferinta&#8221;][\/et_pb_blurb][\/et_pb_column][\/et_pb_row][et_pb_row column_structure=&#8221;1_2,1_2&#8243; _builder_version=&#8221;3.25&#8243;][et_pb_column type=&#8221;1_2&#8243; _builder_version=&#8221;3.25&#8243; custom_padding=&#8221;|||&#8221; custom_padding__hover=&#8221;|||&#8221;][et_pb_blurb title=&#8221;Inaugurarea centrelor de tineret&#8221; url=&#8221;http:\/\/youthcentresup.fitt.ro\/?page_id=414\/#inaugurare-centre&#8221; image=&#8221;http:\/\/youthcentresup.fitt.ro\/wp-content\/uploads\/2020\/10\/inauguration-01.png&#8221; image_max_width=&#8221;64px&#8221; _builder_version=&#8221;4.5.1&#8243; header_font=&#8221;Oswald|||on|||||&#8221; header_text_align=&#8221;center&#8221; header_letter_spacing=&#8221;3px&#8221; header_line_height=&#8221;1.7em&#8221; body_font=&#8221;Lora||||||||&#8221; body_font_size=&#8221;18px&#8221; body_line_height=&#8221;2em&#8221; text_orientation=&#8221;center&#8221; background_layout=&#8221;dark&#8221; animation_style=&#8221;fold&#8221; animation=&#8221;off&#8221; link_option_url=&#8221;http:\/\/youthcentresup.fitt.ro\/?page_id=414\/#inaugurare-centre&#8221;][\/et_pb_blurb][\/et_pb_column][et_pb_column type=&#8221;1_2&#8243; _builder_version=&#8221;3.25&#8243; custom_padding=&#8221;|||&#8221; custom_padding__hover=&#8221;|||&#8221;][et_pb_blurb title=&#8221;evaluarea proiectului&#8221; url=&#8221;http:\/\/youthcentresup.fitt.ro\/?page_id=414\/#evaluare-proiect&#8221; image=&#8221;http:\/\/youthcentresup.fitt.ro\/wp-content\/uploads\/2020\/10\/evaluare-01.png&#8221; image_max_width=&#8221;64px&#8221; _builder_version=&#8221;4.5.1&#8243; header_font=&#8221;Oswald|||on|||||&#8221; header_text_align=&#8221;center&#8221; header_letter_spacing=&#8221;3px&#8221; header_line_height=&#8221;1.7em&#8221; body_font=&#8221;Lora||||||||&#8221; body_font_size=&#8221;18px&#8221; body_line_height=&#8221;2em&#8221; text_orientation=&#8221;center&#8221; background_layout=&#8221;dark&#8221; animation_style=&#8221;fold&#8221; animation=&#8221;off&#8221; link_option_url=&#8221;http:\/\/youthcentresup.fitt.ro\/?page_id=414\/#evaluare-proiect&#8221;][\/et_pb_blurb][\/et_pb_column][\/et_pb_row][\/et_pb_section][et_pb_section fb_built=&#8221;1&#8243; admin_label=&#8221;Get Involved&#8221; _builder_version=&#8221;4.5.1&#8243; custom_padding=&#8221;40px|0|40px|0px|true|false&#8221;][et_pb_row _builder_version=&#8221;4.5.1&#8243; _module_preset=&#8221;default&#8221;][et_pb_column type=&#8221;4_4&#8243; _builder_version=&#8221;4.5.1&#8243; _module_preset=&#8221;default&#8221;][et_pb_slider _builder_version=&#8221;4.5.1&#8243; _module_preset=&#8221;default&#8221;][et_pb_slide use_bg_overlay=&#8221;on&#8221; use_text_overlay=&#8221;on&#8221; text_border_radius=&#8221;100px&#8221; _builder_version=&#8221;4.5.1&#8243; _module_preset=&#8221;default&#8221; background_color=&#8221;#88c4dd&#8221; background_enable_color=&#8221;on&#8221; background_image=&#8221;http:\/\/youthcentresup.fitt.ro\/wp-content\/uploads\/2020\/10\/colaj2.jpg&#8221; background_enable_image=&#8221;on&#8221; filter_contrast=&#8221;113%&#8221; text_shadow_style=&#8221;preset1&#8243; text_shadow_vertical_length=&#8221;-0.05em&#8221; text_shadow_blur_strength=&#8221;2em&#8221;]<\/p>\n<h3><i><span style=\"font-weight: 400;\">\u201eDup\u0103 multe zile de planificare, am ajuns s\u0103 vedem centrul de tineret. Sentimentele au fost amestecate, va fi nevoie de mult\u0103 munc\u0103, multe ore \u0219i \u0219i poate un pic de dragoste pentru cauz\u0103, pentru ca vechea cl\u0103direa s\u0103 devin\u0103 un far pentru cultur\u0103. Lucrul ciudat este, \u00eens\u0103, c\u0103 nu am nicio \u00eendoial\u0103 c\u0103 vom reu\u0219i, deoarece oamenii din echipa noastr\u0103 sunt uimitor de inspira\u021bi \u0219i, totodat\u0103, buni \u0219i le pas\u0103, \u00eenc\u00e2t nu exist\u0103 nici cea mai mic\u0103 team\u0103 c\u0103 nu ne vom atinge obiectivul.\u201d\u00a0<\/span><\/i><\/h3>\n<h3><span style=\"font-weight: 400;\">&#8211;\u00a0 Marietta Tselepi, Grecia<\/span><\/h3>\n<p>[\/et_pb_slide][et_pb_slide use_bg_overlay=&#8221;on&#8221; use_text_overlay=&#8221;on&#8221; _builder_version=&#8221;4.5.1&#8243; _module_preset=&#8221;default&#8221; background_image=&#8221;http:\/\/youthcentresup.fitt.ro\/wp-content\/uploads\/2020\/10\/colaj2.jpg&#8221; background_enable_image=&#8221;on&#8221;]<\/p>\n<h3><span style=\"font-weight: 400;\">\u201e<\/span><i><span style=\"font-weight: 400;\">Ast\u0103zi am avut ac\u021biunea \u00een strad\u0103, au ap\u0103rut at\u00e2tea \u00eentreb\u0103ri \u00een min\u021bile noastre: \u00eei putem convinge s\u0103 se al\u0103ture misiunii noastre? Am \u00eencercat s\u0103 r\u0103m\u00e2nem pozitivi.\u201d<\/span><\/i><\/h3>\n<h3><span style=\"font-weight: 400;\">\u2013 Danjela Jakaj, Albania<\/span><\/h3>\n<p>[\/et_pb_slide][et_pb_slide use_bg_overlay=&#8221;on&#8221; use_text_overlay=&#8221;on&#8221; _builder_version=&#8221;4.5.1&#8243; _module_preset=&#8221;default&#8221; background_color=&#8221;#1fe0ba&#8221; background_enable_color=&#8221;on&#8221; background_image=&#8221;http:\/\/youthcentresup.fitt.ro\/wp-content\/uploads\/2020\/10\/colaj2.jpg&#8221; background_enable_image=&#8221;on&#8221;]<\/p>\n<h3><span style=\"font-weight: 400;\">\u201e<\/span><i><span style=\"font-weight: 400;\">Una dintre principalele surse ale motiva\u021biei noastre a venit \u0219i din sprijinul comunit\u0103\u021bii. Am asistat la mai multe exemple de bun\u0103tate din partea vecinilor. \u00centr-o diminea\u021b\u0103, \u00eenc\u0103 nu primiser\u0103m instrumentele de lucru \u0219i un om, care lucra \u00een apropiere, a venit la noi cu trei unelte \u0219i ne-a bucurat ziua. De asemenea, al\u021bi vecini ne-au oferit ap\u0103 \u0219i m\u00e2ncare atunci c\u00e2nd to\u021bi aveam nevoie de acestea, \u0219i, de asemenea ne-au primit cu bra\u021bele deschise \u0219i cu un z\u00e2mbet pe fa\u021b\u0103.<\/span><\/i><span style=\"font-weight: 400;\">\u201d <\/span><\/h3>\n<h3><span style=\"font-weight: 400;\">\u2013 Echipa ro\u0219ie (Centrul de tineret Lipovei)<\/span><\/h3>\n<p>[\/et_pb_slide][et_pb_slide use_bg_overlay=&#8221;on&#8221; use_text_overlay=&#8221;on&#8221; _builder_version=&#8221;4.5.1&#8243; _module_preset=&#8221;default&#8221; background_image=&#8221;http:\/\/youthcentresup.fitt.ro\/wp-content\/uploads\/2020\/10\/colaj2.jpg&#8221; background_enable_image=&#8221;on&#8221;]<\/p>\n<h3><span style=\"font-weight: 400;\">\u201e<\/span><i><span style=\"font-weight: 400;\">\u00cen aceast\u0103 s\u0103pt\u0103m\u00e2n\u0103 am \u00eenceput s\u0103 cur\u0103\u021b\u0103m centrul de tineret. Prima dat\u0103 c\u00e2nd am v\u0103zut spa\u021biul, m-am g\u00e2ndit c\u0103 probabil c\u0103 vor dura s\u0103pt\u0103m\u00e2ni pentru a fi cur\u0103\u021bat, dar acum mi-am dat seama c\u0103, prin munc\u0103 \u00een echip\u0103, totul este posibil. Simt c\u0103 centrul nostru este \u00eentr-adev\u0103r frumos \u0219i are o mul\u021bime de perspective pentru a deveni foarte grozav cu o curte frumoas\u0103, sunt foarte mul\u021bumit\u0103.<\/span><\/i><span style=\"font-weight: 400;\">\u201d <\/span><\/h3>\n<h3><span style=\"font-weight: 400;\">\u2013 Christina Fountou, Grecia<\/span><\/h3>\n<p>[\/et_pb_slide][et_pb_slide use_bg_overlay=&#8221;on&#8221; use_text_overlay=&#8221;on&#8221; _builder_version=&#8221;4.5.1&#8243; _module_preset=&#8221;default&#8221; background_color=&#8221;#c88bda&#8221; background_enable_color=&#8221;on&#8221; background_image=&#8221;http:\/\/youthcentresup.fitt.ro\/wp-content\/uploads\/2020\/10\/colaj2.jpg&#8221; background_enable_image=&#8221;on&#8221;]<\/p>\n<h3><span style=\"font-weight: 400;\">\u201e<\/span><i><span style=\"font-weight: 400;\">Zilnic \u00een aceast\u0103 s\u0103pt\u0103m\u00e2n\u0103 am ajuns acas\u0103, murdari, obosi\u021bi, cu buc\u0103\u021bi de tencuial\u0103 \u00een p\u0103r. Picioarele \u0219i m\u00e2inile noastre sunt acoperite de ciment. Sentimentul de oboseal\u0103 este un pic cople\u0219itor pentru to\u021bi, dar m\u00e2ndria \u0219i satisfac\u021bia sunt cu at\u00e2t mai mari. Cum putem fi at\u00e2t de obosi\u021bi, transpira\u021bi \u0219i totu\u0219i at\u00e2t de ferici\u021bi? Poate despre asta este voluntariatul.<\/span><\/i><span style=\"font-weight: 400;\">\u201d <\/span><\/h3>\n<h3><span style=\"font-weight: 400;\">\u2013 Echipa ro\u0219ie (Centrul de tineret Lipovei)<\/span><\/h3>\n<p>[\/et_pb_slide][et_pb_slide use_bg_overlay=&#8221;on&#8221; use_text_overlay=&#8221;on&#8221; _builder_version=&#8221;4.5.1&#8243; _module_preset=&#8221;default&#8221; background_color=&#8221;#8b68ee&#8221; background_enable_color=&#8221;on&#8221; background_image=&#8221;http:\/\/youthcentresup.fitt.ro\/wp-content\/uploads\/2020\/10\/colaj2.jpg&#8221; background_enable_image=&#8221;on&#8221;]<\/p>\n<h3><span style=\"font-weight: 400;\">\u201e<\/span><i><span style=\"font-weight: 400;\">S\u0103 iau parte la proiectul Youth Centres UP a fost o experien\u021b\u0103 care mi-a schimbat via\u021ba \u0219i pe mine \u00eens\u0103mi. Dac\u0103 mi s-ar cere s\u0103 o fac din nou, nu m-a\u0219 g\u00e2ndi de dou\u0103 ori \u00eenainte s\u0103 spun \u201eDa!\u201d. Am \u00eent\u00e2lnit oameni minuna\u021bi din toat\u0103 lumea \u0219i am legat prietenii frumoase pe care \u00eemi doresc s\u0103 le men\u021bin pentru tot restul vie\u021bii.<\/span><\/i><\/h3>\n<h3><i>&#8230;<\/i><\/h3>\n<p>[\/et_pb_slide][et_pb_slide use_bg_overlay=&#8221;on&#8221; use_text_overlay=&#8221;on&#8221; _builder_version=&#8221;4.5.1&#8243; _module_preset=&#8221;default&#8221; background_color=&#8221;#8300E9&#8243; background_enable_color=&#8221;on&#8221; background_image=&#8221;http:\/\/youthcentresup.fitt.ro\/wp-content\/uploads\/2020\/10\/colaj2.jpg&#8221; background_enable_image=&#8221;on&#8221;]<\/p>\n<h3><i><span style=\"font-weight: 400;\">&#8230;<\/span><\/i><\/h3>\n<h3><i><span style=\"font-weight: 400;\">Am avut norocul s\u0103 fac parte dintr-o echip\u0103 uimitoare de voluntari care a f\u0103cut procesul de construire a acelui centru de tineret at\u00e2t de lin \u0219i distractiv \u0219i, \u00een ciuda provoc\u0103rilor, am atins obiectivul de a crea un loc sigur pentru popula\u021bia t\u00e2n\u0103r\u0103 din Timi\u0219oara. \u00cen majoritatea zilelor, am ajuns \u00een c\u0103min epuizat\u0103 \u0219i acoperit\u0103 cu praf, ciment, vopsea (mult\u0103 vopsea) \u0219i transpira\u021bie, dar \u00eentotdeauna cu senza\u021bia uimitoare de a \u0219ti c\u0103 fac ceea ce trebuie \u0219i c\u0103 fac o schimbare \u00een aceast\u0103 comunitate. M-am sim\u021bit util\u0103 \u0219i c\u0103 nu-mi pierd timpul pe perioada verii, lenevind pe canapea, cu telefonul \u00een m\u00e2n\u0103.<\/span><\/i><\/h3>\n<h3><i><span style=\"font-weight: 400;\">&#8230;<\/span><\/i><\/h3>\n<p>[\/et_pb_slide][et_pb_slide use_bg_overlay=&#8221;on&#8221; use_text_overlay=&#8221;on&#8221; _builder_version=&#8221;4.5.1&#8243; _module_preset=&#8221;default&#8221; background_color=&#8221;#8300E9&#8243; background_enable_color=&#8221;on&#8221; background_image=&#8221;http:\/\/youthcentresup.fitt.ro\/wp-content\/uploads\/2020\/10\/colaj2.jpg&#8221; background_enable_image=&#8221;on&#8221;]<\/p>\n<h3><i><span style=\"font-weight: 400;\">&#8230;<\/span><\/i><\/h3>\n<h3><i><span style=\"font-weight: 400;\">Am at\u00e2t de multe amintiri grozave din acest proiect. De la glume, seri culturale \u0219i sup\u0103r\u0103ri din cauza pere\u021bilor, p\u00e2n\u0103 la c\u0103l\u0103torii \u0219i momente r\u0103coroase, p\u00e2n\u0103 la discu\u021biile despre solidaritate \u0219i reu\u0219ita de a ajunge la un consens \u00een echip\u0103\u2026 Sunt doar c\u00e2teva din at\u00e2t de multele lucruri care arat\u0103 c\u00e2t de distractiv a fost s\u0103 fiu parte din asta \u0219i c\u00e2t de dor \u00eemi este de to\u021bi, c\u0103 a\u0219 putea scrie aproape o carte. Am revenit acas\u0103 o alt\u0103 persoan\u0103. Am acumulat abilit\u0103\u021bi, am cunoscut oameni, am \u00eenv\u0103\u021bat o limb\u0103 nou\u0103 \u0219i am cunoscut o mul\u021bime de culturi diferite.<\/span><\/i><\/h3>\n<h3><i><span style=\"font-weight: 400;\">&#8230;<\/span><\/i><\/h3>\n<p>[\/et_pb_slide][et_pb_slide use_bg_overlay=&#8221;on&#8221; use_text_overlay=&#8221;on&#8221; _builder_version=&#8221;4.5.1&#8243; _module_preset=&#8221;default&#8221; background_color=&#8221;#8300E9&#8243; background_enable_color=&#8221;on&#8221; background_image=&#8221;http:\/\/youthcentresup.fitt.ro\/wp-content\/uploads\/2020\/10\/colaj2.jpg&#8221; background_enable_image=&#8221;on&#8221;]<\/p>\n<h3><i><span style=\"font-weight: 400;\">&#8230;<\/span><\/i><\/h3>\n<h3><i><span style=\"font-weight: 400;\">Echipa FITT a fost uimitoare \u0219i a f\u0103cut totul pentru a ne asigura c\u0103 ne-am sim\u021bit bine \u00een timpul acestui proiect. Au fost \u00eentotdeauna al\u0103turi de noi \u0219i gata s\u0103 ne ajute dac\u0103 aveam nevoie de o m\u00e2n\u0103 (sau materiale cerute pe ultima sut\u0103 de metri) \u0219i nimic din\u00a0 toate acestea nu ar fi fost posibil f\u0103r\u0103 ei. Ei au fost unul dintre motivele principale pentru care acest proiect a avut acest succes.<\/span><\/i><\/h3>\n<h3><i><span style=\"font-weight: 400;\">\u00centreab\u0103-m\u0103 din nou. A\u0219 repeta experien\u021ba? Categoric.<\/span><\/i><\/h3>\n<h3><i><span style=\"font-weight: 400;\">Nu numai c\u0103 am acumulat abilit\u0103\u021bi \u0219i prieteni \u0219i o canapea pe care s\u0103 dorm \u00een diferite \u021b\u0103ri, dar am \u0219i c\u00e2\u0219tigat o familie.<\/span><\/i><span style=\"font-weight: 400;\">\u201d <\/span><\/h3>\n<h3><span style=\"font-weight: 400;\">\u2013 Andreia Nunes, Portugalia <\/span><\/h3>\n<p>[\/et_pb_slide][et_pb_slide use_bg_overlay=&#8221;on&#8221; use_text_overlay=&#8221;on&#8221; _builder_version=&#8221;4.5.1&#8243; _module_preset=&#8221;default&#8221; background_image=&#8221;http:\/\/youthcentresup.fitt.ro\/wp-content\/uploads\/2020\/10\/colaj2.jpg&#8221; background_enable_image=&#8221;on&#8221;]<\/p>\n<h3><span style=\"font-weight: 400;\">\u201e<\/span><i><span style=\"font-weight: 400;\">Era \u00een jur de unsprezece noaptea c\u00e2nd am ajuns \u00een sf\u00e2r\u0219it la Timi\u0219oara dup\u0103 dou\u0103 zboruri, un timp de a\u0219teptare de trei ore pe aeroportul din Frankfurt \u0219i o c\u0103l\u0103torie cu ma\u0219ina de patru ore. Eram at\u00e2t de obosit\u0103 \u0219i dup\u0103 ce colega mea de camer\u0103 m-a dus \u00een camera noastr\u0103 pentru urm\u0103toarele 40 de zile, aveam \u00een minte doar s\u0103-mi \u00eembrac pijamaua, s\u0103 m\u0103 sp\u0103l pe din\u021bi \u0219i s\u0103 m\u0103 \u00eentind pe noul meu pat.<\/span><\/i><\/h3>\n<h3><i>&#8230;<\/i><\/h3>\n<p>[\/et_pb_slide][et_pb_slide use_bg_overlay=&#8221;on&#8221; use_text_overlay=&#8221;on&#8221; _builder_version=&#8221;4.5.1&#8243; _module_preset=&#8221;default&#8221; background_image=&#8221;http:\/\/youthcentresup.fitt.ro\/wp-content\/uploads\/2020\/10\/colaj2.jpg&#8221; background_enable_image=&#8221;on&#8221;]<\/p>\n<h3><i><span style=\"font-weight: 400;\">&#8230;<\/span><\/i><\/h3>\n<h3><i><span style=\"font-weight: 400;\">A doua zi a adus o diminea\u021b\u0103 cald\u0103 de var\u0103 \u00eensorit\u0103 \u0219i o plimbare de o or\u0103 p\u00e2n\u0103 la Casa Tineretului. Privind \u00een urm\u0103, eram at\u00e2t de nervoas\u0103 \u0219i timid\u0103, \u00een prima zi, cu fric\u0103 de a ini\u021bia conversa\u021bii cu oameni care, la finalul proiectului, deveniser\u0103 at\u00e2t de aproape de inima mea. \u00cen acea prim\u0103 zi, ne-am pictat steagul \u0219i pentru c\u0103 verde \u0219i ro\u0219u cu un cerc galben \u00eentre ele a fost cam plictisitor, portughezii au decis s\u0103 scrie \u201ebun venit\u201d \u00een fiecare limb\u0103 care va fi vorbit\u0103 \u00een proiect. C\u00e2nd fetele s-au plimbat cu steagul nostru \u00eentreb\u00e2nd pe toat\u0103 lumea \u201eApare limba vorbit\u0103 de tine aici?\u201d, a fost momentul \u00een care am sim\u021bit c\u0103 acest proiect poate fi un lucru cu adev\u0103rat minunat.<\/span><\/i><\/h3>\n<h3><i><span style=\"font-weight: 400;\">&#8230;<\/span><\/i><\/h3>\n<p>[\/et_pb_slide][et_pb_slide use_bg_overlay=&#8221;on&#8221; use_text_overlay=&#8221;on&#8221; _builder_version=&#8221;4.5.1&#8243; _module_preset=&#8221;default&#8221; background_image=&#8221;http:\/\/youthcentresup.fitt.ro\/wp-content\/uploads\/2020\/10\/colaj2.jpg&#8221; background_enable_image=&#8221;on&#8221;]<\/p>\n<h3><i><span style=\"font-weight: 400;\">&#8230;<\/span><\/i><\/h3>\n<h3><i><span style=\"font-weight: 400;\">Trainingul a fost \u201eciudat\u201d \u2013 din lipsa unui cuv\u00e2nt mai bun. Echipa mea, despre care acum cred c\u0103 a fost cea mai bun\u0103 (s-ar putea s\u0103 fiu p\u0103rtinitoare \u2026.) \u00eenc\u0103 \u00eencepea s\u0103 se cunoasc\u0103 \u0219i s\u0103 descopere cum s\u0103 lucreze \u00eempreun\u0103. Cu toate acestea, c\u00e2nd trainingul s-a \u00eencheiat, nu eram o echip\u0103. Nu \u00eenc\u0103. Asta a venit mai t\u00e2rziu.<\/span><\/i><\/h3>\n<h3><i><span style=\"font-weight: 400;\">&#8230;<\/span><\/i><\/h3>\n<p>[\/et_pb_slide][et_pb_slide use_bg_overlay=&#8221;on&#8221; use_text_overlay=&#8221;on&#8221; _builder_version=&#8221;4.5.1&#8243; _module_preset=&#8221;default&#8221; background_image=&#8221;http:\/\/youthcentresup.fitt.ro\/wp-content\/uploads\/2020\/10\/colaj2.jpg&#8221; background_enable_image=&#8221;on&#8221;]<\/p>\n<h3><i><span style=\"font-weight: 400;\">..<\/span><\/i><\/h3>\n<h3><i><span style=\"font-weight: 400;\">Primele dou\u0103 s\u0103pt\u0103m\u00e2ni au fost grele, emo\u021bional, dac\u0103 nu fizic. Pe de o parte, cl\u0103direa noastr\u0103 era \u00eentr-o stare at\u00e2t de degradat\u0103, \u00eenc\u00e2t nu ne puteam \u00eentreba dec\u00e2t dac\u0103 vom reu\u0219i s\u0103 termin\u0103m la timp. \u201eNu avem podea!\u201d \u2013 asta a fost \u00eentotdeauna \u00een mintea noastr\u0103 \u0219i singurul subiect pe care \u00eel puteam discuta. Conversa\u021biile dintre noi \u0219i oamenii din alte echipe, de fiecare dat\u0103, s-au \u00eencheiat \u00een acela\u0219i mod: \u201eTrebuie s\u0103 avem podea!\u201d. Pe de alt\u0103 parte, implicarea noastr\u0103 \u00een comunitate a fost foarte plin\u0103 de satisfac\u021bii. Ne-am g\u00e2ndit c\u0103 suntem \u00eentr-un cartier c\u0103ruia nu \u00eei p\u0103sa de munca pe care o f\u0103ceam \u0219i nu voia s\u0103 ajute. \u00cen urm\u0103toarele s\u0103pt\u0103m\u00e2ni, am aflat c\u00e2t ne \u00een\u0219elam.<\/span><\/i><\/h3>\n<h3><i><span style=\"font-weight: 400;\">&#8230;<\/span><\/i><\/h3>\n<p>[\/et_pb_slide][et_pb_slide use_bg_overlay=&#8221;on&#8221; use_text_overlay=&#8221;on&#8221; _builder_version=&#8221;4.5.1&#8243; _module_preset=&#8221;default&#8221; background_image=&#8221;http:\/\/youthcentresup.fitt.ro\/wp-content\/uploads\/2020\/10\/colaj2.jpg&#8221; background_enable_image=&#8221;on&#8221;]<\/p>\n<h3><i><span style=\"font-weight: 400;\">&#8230;<\/span><\/i><\/h3>\n<h3><i><span style=\"font-weight: 400;\">Echipa Ro\u0219ie a muncit din greu, at\u00e2t de mult. Am stat p\u00e2n\u0103 t\u00e2rziu \u00een mai multe r\u00e2nduri. Am pictat pere\u021bi doar cu luminile aduse de FITT, care ne luminau munca. Am ajuns zilnic la c\u0103min acoperi\u021bi cu vopsea \u0219i buc\u0103\u021bi de tencuial\u0103. Am construit o podea. Am petrecut trei sau patru s\u0103pt\u0103m\u00e2ni lucr\u00e2nd exclusiv la pere\u021bi (acum ur\u00e2m pere\u021bii). \u0218i am dansat \u0219i am c\u00e2ntat \u00een timp ce am f\u0103cut-o. Ne-am distrat. \u0218i c\u00e2nd a venit ziua pentru ceremonia de deschidere nu ne a\u0219teptam la mai mult de dou\u0103zeci de oameni \u0219i, dintr-o dat\u0103, eram \u0219aptezeci \u00een\u0103untru \u0219i \u00een afara centrului nostru \u2026 Ei bine, m-am sim\u021bit m\u00e2ndr\u0103.<\/span><\/i><\/h3>\n<h3><i><span style=\"font-weight: 400;\">&#8230;<\/span><\/i><\/h3>\n<p>[\/et_pb_slide][et_pb_slide use_bg_overlay=&#8221;on&#8221; use_text_overlay=&#8221;on&#8221; _builder_version=&#8221;4.5.1&#8243; _module_preset=&#8221;default&#8221; background_image=&#8221;http:\/\/youthcentresup.fitt.ro\/wp-content\/uploads\/2020\/10\/colaj2.jpg&#8221; background_enable_image=&#8221;on&#8221;]<\/p>\n<h3>&#8230;<\/h3>\n<h3><i><span style=\"font-weight: 400;\">Cu toate acestea, oric\u00e2t de m\u00e2ndr\u0103 sunt de munca noastr\u0103, ceea ce pretuiesc cel mai mult legat de timpul meu din Timi\u0219oara este via\u021ba noastr\u0103 de zi cu zi. C\u0103minul. Micile pove\u0219ti care ne-au f\u0103cut zilele mai luminoase. \u00cent\u00e2lnirile comune petrecute r\u00e2z\u00e2nd. Faptul c\u0103 oamenii care sunt acum la sute de kilometri distan\u021b\u0103 de mine se aflau doar pe hol sau la etajul de sub sau de deasupra mea. Cina \u00een buc\u0103t\u0103ria de la etajul doi. Pove\u0219tile cu ceea ce se \u00eent\u00e2mplase \u00een fiecare zi \u00een celelalte centre. \u00cemp\u0103rt\u0103\u0219irea vie\u021bii noastre, astfel \u00eenc\u00e2t s\u0103 putem compara diferen\u021bele \u0219i asem\u0103n\u0103rile dintre toate \u021b\u0103rile. Nop\u021bile petrecute \u00een curte, dans\u00e2nd \u0219i c\u00e2nt\u00e2nd. A\u0219 face totul din nou, munca grea \u0219i nenum\u0103ratele ore de reparare a pere\u021bilor, doar s\u0103 mai pot umbla \u00eenc\u0103 o dat\u0103 pe holurile acelea, spun\u00e2nd bun\u0103 diminea\u021ba tuturor \u0219i particip\u00e2nd la \u00eenc\u0103 un morning spot.<\/span><\/i><\/h3>\n<h3><i>&#8230;<\/i><\/h3>\n<p>[\/et_pb_slide][et_pb_slide use_bg_overlay=&#8221;on&#8221; use_text_overlay=&#8221;on&#8221; _builder_version=&#8221;4.5.1&#8243; _module_preset=&#8221;default&#8221; background_image=&#8221;http:\/\/youthcentresup.fitt.ro\/wp-content\/uploads\/2020\/10\/colaj2.jpg&#8221; background_enable_image=&#8221;on&#8221;]<\/p>\n<h3>&#8230;<\/h3>\n<h3><i><span style=\"font-weight: 400;\">Voi \u021bine pentru totdeauna acest proiect \u00een inima mea. Oamenii pe care i-am \u00eent\u00e2lnit sunt oameni care \u00eemi lipsesc zilnic. \u0218i nu pot fi dec\u00e2t recunosc\u0103toare c\u0103 am aplicat \u0219i am avut norocul s\u0103 fiu acceptat\u0103. \u0218i chiar dac\u0103 mi s-a rupt inima la plecarea din Timi\u0219oara, chiar dac\u0103 uneori m\u0103 trezesc a\u0219tept\u00e2nd s\u0103-mi v\u0103d colega de camer\u0103 pe pat l\u00e2ng\u0103 mine, m\u0103 lini\u0219te\u0219te s\u0103 \u0219tiu c\u0103 o bucat\u0103 din mine a r\u0103mas \u00een spatele zidurilor unui centru de tineret din spatele bazarului \u0219i l\u00e2ng\u0103 \u0219coala din Lipovei, Timi\u0219oara.<\/span><\/i><span style=\"font-weight: 400;\">\u201d <\/span><\/h3>\n<h3><span style=\"font-weight: 400;\">\u2013 Beatriz Botequilha, Portugalia<\/span><\/h3>\n<p>[\/et_pb_slide][\/et_pb_slider][\/et_pb_column][\/et_pb_row][\/et_pb_section][et_pb_section fb_built=&#8221;1&#8243; next_background_color=&#8221;#232220&#8243; admin_label=&#8221;Listings&#8221; _builder_version=&#8221;3.22&#8243; custom_padding=&#8221;80px||0px||false|false&#8221; bottom_divider_style=&#8221;ramp&#8221; animation_style=&#8221;fade&#8221; animation_delay=&#8221;200ms&#8221;][\/et_pb_section][et_pb_section fb_built=&#8221;1&#8243; admin_label=&#8221;Footer Section&#8221; _builder_version=&#8221;4.5.1&#8243; background_color=&#8221;#232220&#8243; use_background_color_gradient=&#8221;on&#8221; background_color_gradient_start=&#8221;#232220&#8243; background_color_gradient_end=&#8221;rgba(35,34,32,0.13)&#8221; background_color_gradient_start_position=&#8221;25%&#8221; background_color_gradient_overlays_image=&#8221;on&#8221; background_image=&#8221;http:\/\/youthcentresup.fitt.ro\/wp-content\/uploads\/2020\/11\/YCU-cover-jos.jpg&#8221; background_size=&#8221;contain&#8221; custom_margin=&#8221;||120px|||&#8221; custom_padding=&#8221;31px|0px|31px|0px|true|false&#8221; saved_tabs=&#8221;all&#8221;][et_pb_row column_structure=&#8221;1_4,1_2,1_4&#8243; admin_label=&#8221;Subscribe&#8221; _builder_version=&#8221;4.5.1&#8243; custom_margin=&#8221;|||&#8221; custom_padding=&#8221;|||&#8221; animation_style=&#8221;zoom&#8221; animation_intensity_zoom=&#8221;5%&#8221;][et_pb_column type=&#8221;1_4&#8243; _builder_version=&#8221;4.5.1&#8243; custom_padding=&#8221;|||&#8221; custom_padding__hover=&#8221;|||&#8221;][\/et_pb_column][et_pb_column type=&#8221;1_2&#8243; _builder_version=&#8221;3.25&#8243; custom_padding=&#8221;|||&#8221; custom_padding__hover=&#8221;|||&#8221;][et_pb_text _builder_version=&#8221;4.5.1&#8243; _module_preset=&#8221;default&#8221; animation_style=&#8221;flip&#8221;]<\/p>\n<h1 style=\"text-align: center;\"><span style=\"color: #ffffff;\"><strong>CONTAC<\/strong><\/span><span style=\"color: #ffffff;\"><strong>T<\/strong><\/span><\/h1>\n<p><span style=\"color: #ffffff;\"><strong><\/strong><\/span><\/p>\n<p><span style=\"color: #ffffff;\"><strong><\/strong><\/span><\/p>\n<p><span style=\"color: #ffffff;\"><strong><\/strong><\/span><\/p>\n<h3 style=\"text-align: center;\"><span style=\"color: #ffffff;\"><strong>Telefon<\/strong>: +40256-491170<\/span><\/h3>\n<h3 style=\"text-align: center;\"><span style=\"color: #ffffff;\"><strong>E-mail:<\/strong>\u00a0office@fitt.ro\/programe@fitt.ro<\/span><\/h3>\n<p>[\/et_pb_text][et_pb_social_media_follow _builder_version=&#8221;4.5.1&#8243; text_orientation=&#8221;center&#8221; custom_margin=&#8221;100px|||&#8221; animation_style=&#8221;flip&#8221;][et_pb_social_media_follow_network social_network=&#8221;facebook&#8221; url=&#8221;https:\/\/www.facebook.com\/fitt.timisoara&#8221; _builder_version=&#8221;4.5.1&#8243; _module_preset=&#8221;default&#8221; background_color=&#8221;#3b5998&#8243; follow_button=&#8221;off&#8221; url_new_window=&#8221;on&#8221;]facebook[\/et_pb_social_media_follow_network][et_pb_social_media_follow_network social_network=&#8221;instagram&#8221; url=&#8221;https:\/\/www.instagram.com\/fitt_timisoara\/&#8221; _builder_version=&#8221;4.5.1&#8243; _module_preset=&#8221;default&#8221; background_color=&#8221;#ea2c59&#8243; follow_button=&#8221;off&#8221; url_new_window=&#8221;on&#8221;]instagram[\/et_pb_social_media_follow_network][et_pb_social_media_follow_network social_network=&#8221;twitter&#8221; url=&#8221;https:\/\/twitter.com\/fitt_timisoara?fbclid=IwAR2IDEwhIBVZHgZcBVkwVmhiETGXTd7t2s1bbKlNsSp3jFjCOURaC5145Q4&#8243; _builder_version=&#8221;4.5.1&#8243; _module_preset=&#8221;default&#8221; background_color=&#8221;#00aced&#8221; follow_button=&#8221;off&#8221; url_new_window=&#8221;on&#8221;]twitter[\/et_pb_social_media_follow_network][et_pb_social_media_follow_network social_network=&#8221;youtube&#8221; url=&#8221;https:\/\/www.youtube.com\/channel\/UCFVZDcDvmuX8kNrY-ZKSjBQ&#8221; _builder_version=&#8221;4.5.1&#8243; _module_preset=&#8221;default&#8221; background_color=&#8221;#a82400&#8243; follow_button=&#8221;off&#8221; url_new_window=&#8221;on&#8221;]youtube[\/et_pb_social_media_follow_network][et_pb_social_media_follow_network social_network=&#8221;linkedin&#8221; url=&#8221;https:\/\/www.linkedin.com\/company\/fitt\/?fbclid=IwAR1-mte8pV8YSmPdRexzWkarNZdw2H4TQpmdK0g2HQIABx2gwsQo3nG7hVE&#8221; _builder_version=&#8221;4.5.1&#8243; _module_preset=&#8221;default&#8221; background_color=&#8221;#007bb6&#8243; follow_button=&#8221;off&#8221; url_new_window=&#8221;on&#8221;]linkedin[\/et_pb_social_media_follow_network][\/et_pb_social_media_follow][\/et_pb_column][et_pb_column type=&#8221;1_4&#8243; _builder_version=&#8221;3.25&#8243; custom_padding=&#8221;|||&#8221; custom_padding__hover=&#8221;|||&#8221;][\/et_pb_column][\/et_pb_row][\/et_pb_section][et_pb_section fb_built=&#8221;1&#8243; _builder_version=&#8221;4.5.1&#8243; _module_preset=&#8221;default&#8221; min_height=&#8221;16px&#8221; custom_padding=&#8221;0px|||||&#8221;][et_pb_row column_structure=&#8221;1_6,1_6,1_6,1_6,1_6,1_6&#8243; _builder_version=&#8221;4.5.1&#8243; _module_preset=&#8221;default&#8221; animation_style=&#8221;flip&#8221;][et_pb_column type=&#8221;1_6&#8243; _builder_version=&#8221;4.5.1&#8243; _module_preset=&#8221;default&#8221;][et_pb_image src=&#8221;http:\/\/youthcentresup.fitt.ro\/wp-content\/uploads\/2020\/10\/123349323_1217055325344071_5080604713266703458_n.png&#8221; title_text=&#8221;FITT&#8221; _builder_version=&#8221;4.5.1&#8243; _module_preset=&#8221;default&#8221; animation_style=&#8221;fade&#8221;][\/et_pb_image][\/et_pb_column][et_pb_column type=&#8221;1_6&#8243; _builder_version=&#8221;4.5.1&#8243; _module_preset=&#8221;default&#8221;][et_pb_image src=&#8221;http:\/\/youthcentresup.fitt.ro\/wp-content\/uploads\/2020\/10\/Logo-esc.png&#8221; title_text=&#8221;ESC&#8221; _builder_version=&#8221;4.5.1&#8243; _module_preset=&#8221;default&#8221; animation_style=&#8221;fade&#8221;][\/et_pb_image][\/et_pb_column][et_pb_column type=&#8221;1_6&#8243; _builder_version=&#8221;4.5.1&#8243; _module_preset=&#8221;default&#8221;][et_pb_image src=&#8221;http:\/\/youthcentresup.fitt.ro\/wp-content\/uploads\/2020\/10\/Logo-Prim\u0103rie.png&#8221; title_text=&#8221;TIM&#8221; _builder_version=&#8221;4.5.1&#8243; _module_preset=&#8221;default&#8221; animation_style=&#8221;fade&#8221;][\/et_pb_image][\/et_pb_column][et_pb_column type=&#8221;1_6&#8243; _builder_version=&#8221;4.5.1&#8243; _module_preset=&#8221;default&#8221;][et_pb_image src=&#8221;http:\/\/youthcentresup.fitt.ro\/wp-content\/uploads\/2020\/10\/Logo-colterm.png&#8221; title_text=&#8221;COLTERM&#8221; _builder_version=&#8221;4.5.1&#8243; _module_preset=&#8221;default&#8221; animation_style=&#8221;fade&#8221;][\/et_pb_image][\/et_pb_column][et_pb_column type=&#8221;1_6&#8243; _builder_version=&#8221;4.5.1&#8243; _module_preset=&#8221;default&#8221;][et_pb_image src=&#8221;http:\/\/youthcentresup.fitt.ro\/wp-content\/uploads\/2020\/10\/Logo-UVT.png&#8221; title_text=&#8221;UVT&#8221; _builder_version=&#8221;4.5.1&#8243; _module_preset=&#8221;default&#8221; animation_style=&#8221;fade&#8221;][\/et_pb_image][\/et_pb_column][et_pb_column _builder_version=&#8221;4.5.1&#8243; _module_preset=&#8221;default&#8221; type=&#8221;1_6&#8243;][et_pb_image src=&#8221;https:\/\/youthcentresup.fitt.ro\/wp-content\/uploads\/2021\/11\/Expodom_logo_romanian_version.png&#8221; _builder_version=&#8221;4.5.1&#8243; _module_preset=&#8221;default&#8221; hover_enabled=&#8221;0&#8243; url=&#8221;https:\/\/www.expodom.ro\/&#8221; url_new_window=&#8221;on&#8221; width=&#8221;100%&#8221; align=&#8221;right&#8221; custom_margin=&#8221;0px||0px||false|false&#8221; custom_padding=&#8221;39px||||false|false&#8221; animation_style=&#8221;fade&#8221;][\/et_pb_image][\/et_pb_column][\/et_pb_row][\/et_pb_section][et_pb_section fb_built=&#8221;1&#8243; _builder_version=&#8221;4.5.1&#8243; _module_preset=&#8221;default&#8221;][et_pb_row _builder_version=&#8221;4.5.1&#8243; _module_preset=&#8221;default&#8221;][et_pb_column _builder_version=&#8221;4.5.1&#8243; _module_preset=&#8221;default&#8221; type=&#8221;4_4&#8243;][\/et_pb_column][\/et_pb_row][\/et_pb_section]<\/p>\n","protected":false},"excerpt":{"rendered":"<p>[et_pb_section fb_built=&#8221;1&#8243; fullwidth=&#8221;on&#8221; next_background_color=&#8221;#232220&#8243; admin_label=&#8221;Header Section&#8221; _builder_version=&#8221;4.5.1&#8243; background_color=&#8221;#000000&#8243; background_image=&#8221;http:\/\/youthcentresup.fitt.ro\/wp-content\/uploads\/2020\/10\/WhatsApp-Image-2020-10-30-at-12.14.29-PM.jpeg&#8221; bottom_divider_style=&#8221;ramp&#8221; bottom_divider_flip=&#8221;horizontal&#8221;][et_pb_fullwidth_header title=&#8221;Vrei s\u0103 fii un Schimb\u0103-lume?&#8221; button_one_text=&#8221;Aplic\u0103 aici &#8230;&#8221; button_one_url=&#8221;@ET-DC@eyJkeW5hbWljIjp0cnVlLCJjb250ZW50IjoicG9zdF9saW5rX3VybF9wYWdlIiwic2V0dGluZ3MiOnsicG9zdF9pZCI6IjEzMTIifX0=@&#8221; content_max_width=&#8221;640px&#8221; _builder_version=&#8221;4.5.1&#8243; _dynamic_attributes=&#8221;button_one_url&#8221; title_font=&#8221;Poppins|700||on|||||&#8221; title_text_align=&#8221;left&#8221; title_text_color=&#8221;#ffffff&#8221; title_font_size=&#8221;35px&#8221; title_letter_spacing=&#8221;3px&#8221; title_line_height=&#8221;1.5em&#8221; content_font=&#8221;Lora||||||||&#8221; content_font_size=&#8221;22px&#8221; content_line_height=&#8221;2em&#8221; subhead_font=&#8221;Lora|700|||||||&#8221; subhead_font_size=&#8221;80px&#8221; subhead_line_height=&#8221;1.5em&#8221; background_color=&#8221;rgba(0,0,0,0.57)&#8221; background_enable_image=&#8221;off&#8221; parallax=&#8221;on&#8221; parallax_method=&#8221;on&#8221; custom_button_one=&#8221;on&#8221; button_one_text_size=&#8221;16px&#8221; button_one_text_color=&#8221;#ffffff&#8221; button_one_bg_color=&#8221;#d29f68&#8243; button_one_border_width=&#8221;15px&#8221; button_one_border_color=&#8221;rgba(210,159,104,0)&#8221; button_one_border_radius=&#8221;100px&#8221; button_one_letter_spacing=&#8221;3px&#8221; button_one_font=&#8221;Oswald|||on|||||&#8221; button_one_use_icon=&#8221;off&#8221; custom_button_two=&#8221;on&#8221; button_two_text_size=&#8221;16px&#8221; button_two_text_color=&#8221;#ffffff&#8221; button_two_bg_color=&#8221;rgba(255,255,255,0.35)&#8221; button_two_border_width=&#8221;15px&#8221; button_two_border_color=&#8221;rgba(0,0,0,0)&#8221; [&hellip;]<\/p>\n","protected":false},"author":1,"featured_media":44,"parent":0,"menu_order":2,"comment_status":"closed","ping_status":"closed","template":"","meta":{"_et_pb_use_builder":"on","_et_pb_old_content":"<!-- wp:paragraph {\"align\":\"left\",\"dropCap\":true,\"customTextColor\":\"#6e3694\"} -->\n<p style=\"color:#6e3694;text-align:left\" class=\"has-text-color has-drop-cap\">Youth Centres UP este un proiect finan\u021bat de&nbsp;<strong>Corpul European de Solidaritate<\/strong>, proiect care \u00ee\u0219i propune s\u0103 creeze noi&nbsp;<strong>spa\u021bii sigure<\/strong>, de exprimare \u0219i \u00eenv\u0103\u021bare pentru tineri. De asemenea, \u00een contextul \u00een care Timi\u0219oara va fi Capital\u0103 European\u0103 a Culturii \u00een 2021, avem nevoie de spa\u021bii unde tinerii s\u0103 se poat\u0103 exprima \u0219i dezvolta \u00een mod liber.&nbsp;<strong>Centrele de tineret de cartier<\/strong>&nbsp;vor fi spa\u021bii ale tuturor tinerilor, indiferent de identitate, preferin\u021be, sex, religie sau alte caracteristici. Proiectul \u00ee\u0219i propune, astfel, s\u0103 pun\u0103 bazele ca ele s\u0103 devin\u0103 spa\u021bii de comunicare \u00eentre tineri \u0219i comunitate, locul unde ei vin \u00eempreun\u0103 \u0219i (se) dezvolt\u0103.<\/p>\n<!-- \/wp:paragraph -->\n\n<!-- wp:paragraph {\"customTextColor\":\"#6e3694\"} -->\n<p style=\"color:#6e3694\" class=\"has-text-color\">Pe o perioad\u0103 de&nbsp;<strong>40 de zile<\/strong>, tineri cet\u0103\u021beni ai&nbsp;<strong>20 de \u021b\u0103ri europene<\/strong>&nbsp;se vor implica \u00een activit\u0103\u021bi de solidaritate, sub form\u0103 de voluntariat, al\u0103turi de comunitatea timi\u0219orean\u0103, pentru a amenaja \u00eempreun\u0103 \u0219i a transforma vechi centrale termice \u00een centre de tineret urbane.<\/p>\n<!-- \/wp:paragraph -->\n\n<!-- wp:gallery {\"ids\":[98,99],\"align\":\"center\"} -->\n<ul class=\"wp-block-gallery aligncenter columns-2 is-cropped\"><li class=\"blocks-gallery-item\"><figure><img src=\"http:\/\/youthcentresup.fitt.ro\/wp-content\/uploads\/2019\/07\/64871852_110197033633046_6780733881176817664_n.jpg\" alt=\"\" data-id=\"98\" data-link=\"http:\/\/youthcentresup.fitt.ro\/?attachment_id=98\" class=\"wp-image-98\"\/><\/figure><\/li><li class=\"blocks-gallery-item\"><figure><img src=\"http:\/\/youthcentresup.fitt.ro\/wp-content\/uploads\/2019\/07\/67215858_110194033633346_7289131277423214592_n.jpg\" alt=\"\" data-id=\"99\" data-link=\"http:\/\/youthcentresup.fitt.ro\/?attachment_id=99\" class=\"wp-image-99\"\/><\/figure><\/li><\/ul>\n<!-- \/wp:gallery -->","_et_gb_content_width":""},"_links":{"self":[{"href":"https:\/\/youthcentresup.fitt.ro\/index.php?rest_route=\/wp\/v2\/pages\/68"}],"collection":[{"href":"https:\/\/youthcentresup.fitt.ro\/index.php?rest_route=\/wp\/v2\/pages"}],"about":[{"href":"https:\/\/youthcentresup.fitt.ro\/index.php?rest_route=\/wp\/v2\/types\/page"}],"author":[{"embeddable":true,"href":"https:\/\/youthcentresup.fitt.ro\/index.php?rest_route=\/wp\/v2\/users\/1"}],"replies":[{"embeddable":true,"href":"https:\/\/youthcentresup.fitt.ro\/index.php?rest_route=%2Fwp%2Fv2%2Fcomments&post=68"}],"version-history":[{"count":80,"href":"https:\/\/youthcentresup.fitt.ro\/index.php?rest_route=\/wp\/v2\/pages\/68\/revisions"}],"predecessor-version":[{"id":1435,"href":"https:\/\/youthcentresup.fitt.ro\/index.php?rest_route=\/wp\/v2\/pages\/68\/revisions\/1435"}],"wp:featuredmedia":[{"embeddable":true,"href":"https:\/\/youthcentresup.fitt.ro\/index.php?rest_route=\/wp\/v2\/media\/44"}],"wp:attachment":[{"href":"https:\/\/youthcentresup.fitt.ro\/index.php?rest_route=%2Fwp%2Fv2%2Fmedia&parent=68"}],"curies":[{"name":"wp","href":"https:\/\/api.w.org\/{rel}","templated":true}]}}